{"id":163,"date":"2021-07-20T14:51:33","date_gmt":"2021-07-20T18:51:33","guid":{"rendered":"https:\/\/echopaincanada.ca\/?page_id=163"},"modified":"2024-02-11T16:44:10","modified_gmt":"2024-02-11T21:44:10","slug":"quebec","status":"publish","type":"page","link":"https:\/\/echopaincanada.ca\/fr\/quebec\/","title":{"rendered":"ECHO Qu\u00e9bec"},"content":{"rendered":"<div style=\"height:20px\" aria-hidden=\"true\" class=\"wp-block-spacer\"><\/div>\n\n\n\t\t\t\t<div class=\"wp-block-uagb-table-of-contents uagb-toc__align-left uagb-toc__columns-1  uagb-block-cfea4e0b\"\n\t\t\t\t\tdata-scroll= \"1\"\n\t\t\t\t\tdata-offset= \"30\"\n\t\t\t\t\tstyle=\"\"\n\t\t\t\t>\n\t\t\t\t<div class=\"uagb-toc__wrap\">\n\t\t\t\t\t\t<div class=\"uagb-toc__title\">\n\t\t\t\t\t\t\tTable des mati\u00e8res\t\t\t\t\t\t<\/div>\n\t\t\t\t\t\t\t\t\t\t\t\t\t\t\t\t\t\t\t\t\t\t<div class=\"uagb-toc__list-wrap\">\n\t\t\t\t\t\t<ol class=\"uagb-toc__list\"><li class=\"uagb-toc__list\"><a href=\"#echo-chum-douleur-chronique-curriculum\" class=\"uagb-toc-link__trigger\">ECHO CHUM Douleur Chronique-Programme d\u2019\u00e9tudes<\/a><li class=\"uagb-toc__list\"><a href=\"#echo-chum-douleur-chronique-website\" class=\"uagb-toc-link__trigger\">ECHO CHUM Douleur Chronique-Site Web<\/a><li class=\"uagb-toc__list\"><a href=\"#echo-chronic-pain-and-opioid-use-disorder-mcgill-university-curriculum\" class=\"uagb-toc-link__trigger\">ECHO Douleur Chronique et Troubles li\u00e9s \u00e0 l'usage des opio\u00efdes : Universit\u00e9 McGill Programme d\u2019\u00e9tudes<\/a><li class=\"uagb-toc__list\"><a href=\"#echo-chronic-pain-and-opioid-use-disorder-mcgill-university-website\" class=\"uagb-toc-link__trigger\">ECHO Douleur Chronique et Troubles li\u00e9s \u00e0 l'usage des opio\u00efdes : Universit\u00e9 McGill Site Web<\/a><\/ol>\t\t\t\t\t<\/div>\n\t\t\t\t\t\t\t\t\t<\/div>\n\t\t\t\t<\/div>\n\t\t\t\n\n\n<div style=\"height:100px\" aria-hidden=\"true\" class=\"wp-block-spacer\"><\/div>\n\n\n\n<h2 class=\"wp-block-heading\" id=\"echo-chum\"><strong>ECHO Chum Douleur Chronique<\/strong> Programme d\u2019\u00e9tudes<\/h2>\n\n\n\n<figure class=\"wp-block-table is-style-stripes\"><table><thead><tr><td><strong>#<\/strong><\/td><td><strong>Date<\/strong><\/td><td><strong>Sujet<\/strong><\/td><td><strong>Objectifs d\u2019apprentissage<\/strong><\/td><td><strong>Conf\u00e9rencier, i\u00e8re(s)<\/strong>)<\/td><\/tr><\/thead><tbody><tr><td>1<\/td><td>26-Sept-22<\/td><td>Introduction au \nProgramme ECHO sur la Douleur Chronique- Les diff\u00e9rents types de Douleur.<\/td><td>D\u00e9couvrer le programme ECHO et son fonctionnement : Pr\u00e9sentation du HUB\" et des participants. Identifier et diff\u00e9rencier les 3 principaux types de douleur et les cat\u00e9gories de plans de traitement<\/td><td>Aline Boulanger, anesth\u00e9siologiste, CHUM, directrice du programme ECHO et Jocelyne Parent, coordinatrice de la clinique ECHO<\/td><\/tr><tr><td>2<\/td><td>3-Oct-22<\/td><td>Discussion de cas* et\nDouleur neuropathique : Algorithme<\/td><td>Identifier et savoir utiliser l'algorithme des douleurs neuropathiques. Comprendre et comparer les recommandations de diff\u00e9rentes lignes directrices (qu\u00e9b\u00e9coises, canadiennes, IASP, NICE et EFNS)<\/td><td>Aline Boulanger, anesth\u00e9siologiste, CHUM<\/td><\/tr><tr><td>3<\/td><td>17-Oct-22<\/td><td>Discussion de cas et l'Algorithme de la Lombagie &nbsp;<\/td><td>Identifier et comprendre l\u2019algorithme de la lombalgie. Diff\u00e9rencier les recommandations canadiennes et qu\u00e9b\u00e9coises. Utiliser l'algorithme pour choisir le meilleur traitement pour les clients souffrant de lombalgie<\/td><td>Brigitte Migneault, anesth\u00e9siologiste, CHUM<\/td><\/tr><tr><td>4<\/td><td>24-Oct-22<\/td><td>Discussion de cas et l'Association qu\u00e9b\u00e9coise de la Douleur Chronique (AQDC)<\/td><td>Nommer les objectifs de l\u2019Association. D\u00e9couvrer les services offerts aux patients (groupe d'entraide) et leur fonctionnement. \u00c9tablir les modalit\u00e9s d'acc\u00e8s aux services afin de r\u00e9f\u00e9rer les clients.<\/td><td>Julie Aspiro et Alice Wagenaar, repr\u00e9sentantes de l'Association qu\u00e9b\u00e9coise de la douleur chronique (AQDC)<\/td><\/tr><tr><td>5<\/td><td>31-Oct-22<\/td><td>M\u00e9thodes d'Intervention M\u00e9dicale pour les Douleurs Chroniques &nbsp;<\/td><td>\u00c9tablir les diff\u00e9rents types de m\u00e9thodes interventionnelles g\u00e9n\u00e9ralement utilis\u00e9es dans la douleur chronique. Identifier et choisir l'intervention selon l'indication, en fonction des probl\u00e8mes de sant\u00e9 du patient.<\/td><td>Grisell Vargas, anesth\u00e9siologiste, CHUM<\/td><\/tr><tr><td>6<\/td><td>7-Nov-22<\/td><td>Discussion de cas* et Premi\u00e8res\n\u00c9tapes et Pr\u00e9parations dans l'\u00c9valuation de la Douleur Chronique<\/td><td>Comprendre les \u00e9tapes et identifier les \u00e9valuations de base dans l'\u00e9valuation de la douleur chronique. Utiliser et interpr\u00e9ter les outils de r\u00e9\u00e9valuation (BPI, EVA). Am\u00e9liorer l\u2019\u00e9valuation en sachant poser des questions cl\u00e9s.<\/td><td>Grisell Vargas, anesth\u00e9siologiste, CHUM<\/td><\/tr><tr><td>7<\/td><td>14-Nov-22<\/td><td>La Physioth\u00e9rapie d'Abord : l'Expertise Diagnostique et son Impact Pr\u00e9ventif dans le Parcours de Soins Musculo-Squelettiques<\/td><td>D\u00e9crire le corridor de soins et services musculo-squelettiques recommand\u00e9 au GMF Azur. Reconna\u00eetre la valeur ajout\u00e9e de ce mod\u00e8le innovant, incluant la pr\u00e9vention de la chronicit\u00e9, bas\u00e9e sur les donn\u00e9es probantes et les mod\u00e8les existants \u00e0 l'ext\u00e9rieur du Qu\u00e9bec.<\/td><td>Marjorie Gingras, Fellow PHT D.E.P.A., physioth\u00e9rapie neuromusculaire avanc\u00e9e, CISSS de la Mont\u00e9r\u00e9gie-Centre (GMF Clinique Azur)<\/td><\/tr><tr><td>8<\/td><td>21-Nov-22<\/td><td>Prise en Charge des Patients Difficiles<\/td><td>Mieux identifier les patients difficiles. Reconna\u00eetre les d\u00e9fis de la gestion quotidienne de cette client\u00e8le en clinique. D\u00e9terminer et s\u00e9lectionner les \u00e9l\u00e9ments cl\u00e9s du cadre d\u2019intervention \u00e0 mettre en place.<\/td><td>Natali Salian, psychologue, CHUM<\/td><\/tr><tr><td>9<\/td><td>28-Nov-22<\/td><td>Discussion de cas* et Marche Aides - Sous-Estim\u00e9es, Sous-Utilis\u00e9 ?<\/td><td>Savoir reconna\u00eetre le mauvais usage d'un outil d'aide chez le patient. Pouvoir ajuster l'outil d'aide (en hauteur) afin de favoriser l'utilisation optimale chez le patient.<\/td><td>Jonathan Brunette et Claude Hetu,\nphysioth\u00e9rapeutes, CHUM<\/td><\/tr><tr><td>10<\/td><td>5-d\u00e9c-\n22<\/td><td>Fibromyalgie<\/td><td>D\u00e9terminer le processus d\u2019\u00e9valuation diagnostique pour un patient suspect\u00e9 de fibromyalgie. D\u00e9terminer et initier un plan de traitement et de suivi chez les patients souffrant de fibromyalgie.<\/td><td>Allen Steverman, m\u00e9decin de famille, CHUM<\/td><\/tr><tr><td>11<\/td><td>12-d\u00e9c-\n22<\/td><td>Discussion de cas et Collaboration interprofessionnelle en Soins Primaires: le R\u00f4le du Pharmacien Communautaire sur la Gestion de la Douleur<\/td><td>Identifier le r\u00f4le du pharmacien dans le contexte du projet de loi modifiant la Loi sur la pharmacie. Consid\u00e9rer les possibilit\u00e9s de collaboration interprofessionnelle en gestion dans ce nouveau cadre.<\/td><td>Philippe DeGrandpr\u00e9, parmacien\net GMF<\/td><\/tr><tr><td>12<\/td><td>19-d\u00e9c-\n22<\/td><td>Cannabino\u00efdes dans le Traitement de la Douleur Chronique<\/td><td>Identifier le mode d\u2019action des cannabino\u00efdes. Prescrire le cannabis m\u00e9dical selon les r\u00e8gles en vigueur. Reconna\u00eetre les limites et les effets n\u00e9gatifs potentiels.<\/td><td>Aline Boulanger, anesth\u00e9siologiste, CHUM<\/td><\/tr><tr><td>13<\/td><td>16-janv-23<\/td><td>L'impact de la COVID-19 sur la Douleur<\/td><td>\u00c9num\u00e9rer les manifestations douloureuses de la COVID-19. D\u00e9couvrer la pr\u00e9valence des complications douloureuses li\u00e9es \u00e0 la COVID-19. D\u00e9terminer des voies th\u00e9rapeutiques pour la prise en charge des patients souffrant de douleurs post-COVID-19.<\/td><td>Grisell Vargas, anesth\u00e9siologiste, CHUM<\/td><\/tr><tr><td>14<\/td><td>23-janv-23<\/td><td>Discussion de cas et Courbe d'Adaptation \u00e0 la Douleur<\/td><td>\u00c9tablir et comprendre le processus d'adaptation \u00e0 la douleur chronique. Identifier les ajustements \u00e0 apporter \u00e0 la courbe d'adaptation sur l'approche\/les interventions en fonction du parcours adaptatif du patient.<\/td><td>Caroline Janelle, psychologue, Centre de r\u00e9adaptation Lucie Bruneau<\/td><\/tr><tr><td>15<\/td><td>30-janv-23<\/td><td>Interventions bas\u00e9es sur l'Occupation : Tendances Actuelles en Ergoth\u00e9rapie<\/td><td>D\u00e9couvrer les principes et d\u00e9veloppements des interventions bas\u00e9es sur l\u2019occupation pour la gestion de la douleur chronique. Identifier les probl\u00e8mes associ\u00e9s \u00e0 la douleur chronique pour lesquels la prise en charge en ergoth\u00e9rapie est indiqu\u00e9e.<\/td><td>Julie Masse, OT(c), M.Sc., professeure agr\u00e9g\u00e9e de clinique, Programme de formation en ergoth\u00e9rapie, \u00c9cole de r\u00e9adaptation, Universit\u00e9 de Montr\u00e9al<\/td><\/tr><tr><td>16<\/td><td>6-f\u00e9v-23<\/td><td>Discussion de cas* et reprise d\u2019un mode de Vie Actif avec la Douleur Chronique est Possible!<\/td><td>D\u00e9terminer le r\u00f4le du kin\u00e9siologue dans le contexte de la douleur chronique. Identifier les progressions sugg\u00e9r\u00e9es pour un mode de vie actif &nbsp;<\/td><td>H\u00e9l\u00e8ne Nadeau, B.Sc., kin\u00e9siologue, H\u00f4pital de Dolbeau-Mistassini, CIUSSS du Saguenay-Lac-Saint-Jean<\/td><\/tr><tr><td>17<\/td><td>13-f\u00e9v-23<\/td><td>\"Suivi du Plan Minist\u00e9riel\nsur la Douleur Chronique et Recherche de Projets\" et Conf\u00e9rence : La Clinique d'Adaptation \u00e0 la Douleur Chronique &nbsp;<\/td><td>Nommer 3 \u00e9l\u00e9ments qui caract\u00e9risent le travail interdisciplinaire. Identifier les services offerts par la clinique et pr\u00e9senter les crit\u00e8res de r\u00e9f\u00e9rencement.<\/td><td>Caroline Janelle, psychologue, Centre de r\u00e9adaptation Lucie Bruneau<\/td><\/tr><tr><td>18<\/td><td>20-f\u00e9v-23<\/td><td>Surveillance des traitements pharmacologiques chez les patients souffrant de  douleur chronique non canc\u00e9reuse<\/td><td>D\u00e9couvrir la revue de la litt\u00e9rature sur la surveillance des effets secondaires potentiels des m\u00e9dicaments utilis\u00e9s dans le traitement \u00e0 long-terme des patients souffrant de douleur chronique non canc\u00e9reuse.\nD\u00e9terminer les facteurs les plus importants \u00e0 surveiller \u00e0 partir de la perspective pharmacologique chez ces patients<\/td><td>Grisell Vargas, anesth\u00e9siologiste, CHUM<\/td><\/tr><tr><td>19<\/td><td>6-mars-23<\/td><td>L'Hypnose dans la Gestion de la Douleur Chronique &nbsp;<\/td><td>Comprendre comment l'hypnose fonctionne pour la douleur chronique. Reconna\u00eetre un \u00e9tat de conscience alt\u00e9r\u00e9e. Utiliser l'hypnose conversationnelle et les outils de communication dans la pratique quotidienne.<\/td><td>Beno\u00eet Hogedez, Doctorant en philosophie pratique \u00e0 l'Universit\u00e9 de Sherbrooke, PHT Master Philosophie, parcours culture et sant\u00e9, Dipl\u00f4me Universitaire de m\u00e9decine, neurosciences et m\u00e9ditation<\/td><\/tr><tr><td>20<\/td><td>13-mars-23<\/td><td>Discussion de cas* et Opio\u00efdes.\nOpio\u00efdes Atypiques : Tramadol et\nTapentadol<\/td><td>Identifier le mode d\u2019action des opio\u00efdes atypiques. Reconna\u00eetre les indications et contre-indications. Choisir l'opio\u00efde le plus appropri\u00e9 selon le diagnostic.<\/td><td>Marie-Christine Houde, m\u00e9decin de\nfamille, CHUM<\/td><\/tr><tr><td>21<\/td><td>20-mars-23<\/td><td>Traitements Topiques pour la Douleur Chronique<\/td><td>D\u00e9couvrir les cat\u00e9gories principales de traitements topiques et leurs applications. D\u00e9terminer un syst\u00e8me de s\u00e9lection de traitement le plus appropri\u00e9.<\/td><td>Philippe DeGrandpr\u00e9, parmacien\net GMF<\/td><\/tr><tr><td>22<\/td><td>27-mars-23<\/td><td>Discussion de cas* et l'Impact de l'Handicap et Litige avec le Payeur sur la Prise en Charge des Patients Souffrant de Douleur Chronique<\/td><td>Identifier et illustrer l'impact de l'handicap et le litige avec le payeur concernant la prise en charge des patients souffrant de douleur chronique. Partager et d\u00e9terminer des moyens de r\u00e9fl\u00e9chir\/r\u00e9soudre les moyens d'att\u00e9nuer l'impact de ces probl\u00e8mes sur les soins<\/td><td>Caroline Janelle, psychologue, Centre de r\u00e9adaptation Lucie Bruneau<\/td><\/tr><tr><td>23<\/td><td>3-avr-23<\/td><td>Discussion de cas* et N\u00e9vralgie Faciale (Trijumeau)<\/td><td>\u00c9tablir les crit\u00e8res diagnostiques de la n\u00e9vralgie du trijumeau et \u00eatre capable de poser un diagnostic diff\u00e9rentiel des douleurs faciales. Identifier un traitement pharmaceutique de 1\u00e8re ou 2\u00e8me intention pour la n\u00e9vralgie du trijumeau et savoir quand ref\u00e9rer le patient \u00e0 un autre sp\u00e9cialiste.<\/td><td>Heather Pim, neurologue CHUM<\/td><\/tr><tr><td>24<\/td><td>17-avr-23<\/td><td>Approche Diagnostique de la Migraine et Modalit\u00e9s Th\u00e9rapeutiques<\/td><td>Diff\u00e9rencier entre les c\u00e9phal\u00e9es primaires et leurs\nsympt\u00f4mes. Identifier les facteurs de risque de chronicit\u00e9. Int\u00e9grer les c\u00e9phal\u00e9es autonomes du trijumeau dans le questionnaire sur les maux de t\u00eate.<\/td><td>Marzieh Eghtesadi, m\u00e9decin de famille, CHUM<\/td><\/tr><tr><td>25<\/td><td>24-avr-23<\/td><td>Douleur, Insomnie et Qualit\u00e9 du Sommeil &nbsp;<\/td><td>Identifier les effets de la douleur et son traitement sur la qualit\u00e9 du sommeil. Utiliser les ressources disponibles pour le traitement de\nl'insomnie en g\u00e9n\u00e9ral.<\/td><td>Vincent Join, MD, pneumologue, Laboratoire du sommeil, CHUM<\/td><\/tr><tr><td>26<\/td><td>1-May-23<\/td><td>Case Discussion* and &nbsp; Transitional Service for Chronic Pain Management<\/td><td>Name the clinic\u2019s objectives for prevention of unintended prolonged opioid use in the post-hospitalization setting after surgery. Identify risk factors for prolonged unintended use. Know how to screen and intervene with clients.<\/td><td>Brigitte Migneault, anesth\u00e9siologiste CHUM<\/td><\/tr><tr><td>27<\/td><td>8-mai-23<\/td><td>Pleine Conscience dans la Gestion de la Douleur Chronique-Une Introduction<\/td><td>Familiariser avec le concept de la pleine conscience et la m\u00e9ditation (et ce qu'elle n'est pas). D\u00e9couvrir comment la pleine conscience peut \u00eatre un outil important dans la gestion de la douleur chronique. Discuter les preuves de la pleine conscience et m\u00e9ditation dans la gestion de la douleur chronique.<\/td><td>Allen Steverman, m\u00e9decin de famille, CHUM<\/td><\/tr><tr><td>28<\/td><td>15-mai-23<\/td><td>Discussion de cas* et Approche Sensori-Motrice de la Gestion de la Douleur Chronique -Une\nIntroduction<\/td><td>Se familiariser avec l'approche sensori-motrice et\nles liens entre : le corps, la douleur et le traumatisme. D\u00e9couvrir comment\nla psychoth\u00e9rapie sensori-motrice peut \u00eatre un outil important pour les patients complexes.<\/td><td>Aicha Nora Dembri, Ph.D., psychologue, neuropsychologue, psychoth\u00e9rapeute (acc), Service consultatif de gestion de la douleur - H\u00f4pital Pierre-Boucher<\/td><\/tr><tr><td>29<\/td><td>29-mai-23<\/td><td>Nutrition du Microbiote et Douleur<\/td><td>Clarifier les liens entre le microbiote intestinal et le cerveau. Comprendre le r\u00f4le de la dysbiose intestinale avec la douleur chronique. Explorer des pistes th\u00e9rapeutiques pour la douleur chronique bas\u00e9es sur notre compr\u00e9hension actuelle de l'axe cerveau-intestin-microbiome<\/td><td>Dr. Hala Lahlou, MD. CCFP(MS). DIP.\nABOM GMF-Universitaire de Verdun<\/td><\/tr><tr><td>30<\/td><td>5-juin-23<\/td><td>Syndrome Douloureux R\u00e9gional Complexe (SDRC)<\/td><td>D\u00e9finir le SDRC. D\u00e9terminer les modalit\u00e9s de traitement et un plan de suivi pour les patients atteints du SDRC.<\/td><td>Grisell Vargas, anesth\u00e9siologiste, CHUM<\/td><\/tr><\/tbody><\/table><\/figure>\n\n\n\n<div style=\"height:100px\" aria-hidden=\"true\" class=\"wp-block-spacer\"><\/div>\n\n\n\n<h2 class=\"wp-block-heading\"><strong>ECHO Chum Douleur Chronique<\/strong> Site Web<\/h2>\n\n\n\n<figure class=\"wp-block-image size-large\"><img loading=\"lazy\" decoding=\"async\" width=\"1024\" height=\"498\" src=\"https:\/\/echopaincanada.ca\/wp-content\/uploads\/2021\/07\/ECHO-QC-1024x498.png\" alt=\"\" class=\"wp-image-164\" srcset=\"https:\/\/echopaincanada.ca\/wp-content\/uploads\/2021\/07\/ECHO-QC-1024x498.png 1024w, https:\/\/echopaincanada.ca\/wp-content\/uploads\/2021\/07\/ECHO-QC-300x146.png 300w, https:\/\/echopaincanada.ca\/wp-content\/uploads\/2021\/07\/ECHO-QC-768x373.png 768w, https:\/\/echopaincanada.ca\/wp-content\/uploads\/2021\/07\/ECHO-QC-1536x747.png 1536w, https:\/\/echopaincanada.ca\/wp-content\/uploads\/2021\/07\/ECHO-QC.png 1880w\" sizes=\"auto, (max-width: 1024px) 100vw, 1024px\" \/><\/figure>\n\n\n\n<div class=\"wp-block-buttons is-layout-flex wp-block-buttons-is-layout-flex\">\n<div class=\"wp-block-button has-custom-width wp-block-button__width-100 is-style-outline is-style-outline--1\"><a class=\"wp-block-button__link wp-element-button\" href=\"https:\/\/ruisss.umontreal.ca\/\" target=\"_blank\" rel=\"noreferrer noopener\">Visit\/Visitez Project ECHO CHUM Chronic Pain\/ Le Projet ECHO CHUM Douleur Chronique (Montr\u00e9al, Qu\u00e9bec)<\/a><\/div>\n<\/div>\n\n\n\n<div style=\"height:20px\" aria-hidden=\"true\" class=\"wp-block-spacer\"><\/div>\n\n\n\n<div style=\"height:100px\" aria-hidden=\"true\" class=\"wp-block-spacer\"><\/div>\n\n\n\n<h2 class=\"wp-block-heading\" id=\"echo-mcgill\"><strong>En cours: ECHO Douleur chronique et Troubles li\u00e9s \u00e0 l\u2019Usage des Opio\u00efdes: Universit\u00e9 McGill<\/strong> Programme d\u2019\u00e9tudes<\/h2>\n\n\n\n<figure class=\"wp-block-table is-style-stripes\"><table><thead><tr><td><strong>#<\/strong><\/td><td><strong>Date<\/strong>&nbsp;&nbsp;&nbsp; &nbsp;<\/td><td><strong>Sujet<\/strong>&nbsp;<\/td><td><strong>Conf\u00e9rencier, i\u00e8re(s)<\/strong>&nbsp;<\/td><td><strong>Objectifs d\u2019apprentissage<\/strong>&nbsp;&nbsp; &nbsp;<\/td><\/tr><\/thead><tbody><tr><td>&nbsp; &nbsp; 1<\/td><td>28-Sept -22&nbsp;<\/td><td>Douleur Chronique 101&nbsp;<\/td><td>Yoram Shir&nbsp;&nbsp;<\/td><td>Utiliser une approche globale pour \u00e9valuer et aider les patients \u00e0 g\u00e9rer la douleur chronique et les risques. Comprendre le fardeau de la douleur chronique dans notre soci\u00e9t\u00e9. Diff\u00e9rencier entre la douleur neuropathique et nociceptive.&nbsp;<\/td><\/tr><tr><td>&nbsp; 2<\/td><td>26-Oct -22<\/td><td>Histoire de la Douleur.\n\u00c9valuation, et\nExamen sensoriel Qualitatif&nbsp;<\/td><td>Jordi Perez&nbsp;&nbsp;<\/td><td>Effectuer une \u00e9valuation de la douleur int\u00e9grant les \u00e9l\u00e9ments pertinents de l'ant\u00e9c\u00e9dent et l'examen physique (et mesures\/\u00e9chelles). Idnetifier les diff\u00e9rents types de douleur (nociceptive, neuropathique et nociplastique)&nbsp;<\/td><\/tr><tr><td>&nbsp; 3<\/td><td>23-Nov -22&nbsp;<\/td><td>D\u00e9pistage des Comorbidit\u00e9s Psychosociales et Psychiatriques&nbsp;<\/td><td>Leon Tourian&nbsp;&nbsp;<\/td><td>Reconna\u00eetre les facteurs de risque psychosociaux de chronicit\u00e9. S'engager dans de br\u00e8ves strat\u00e9gies de d\u00e9pistage des comorbidit\u00e9s psychiatriques, des attitudes maladaptives et croyances. Utiliser des strat\u00e9gies en cabinet et des options d'orientation pour assurer le suivi des d\u00e9pistages positifs.&nbsp;<\/td><\/tr><tr><td>&nbsp; 4<\/td><td>21-Dec -22<\/td><td>Motivation des Patients et \u00c9tablissement d\u2019Objectifs&nbsp;&nbsp;<\/td><td>Christina Gentile<\/td><td>D\u00e9velopper une approche d\u2019\u00e9tablissement d\u2019objectifs lors des discussions sur les traitements\/strat\u00e9gies contre la douleur avec les patients. D\u00e9velopper une approche pour aider les patients \u00e0 se fixer des objectifs SMART (sp\u00e9cifiques, mesurables, atteignables, pertinents et limit\u00e9s dans le temps). D\u00e9velopper une approche pour comprendre et motiver le patient \u00e0 agir.&nbsp;<\/td><\/tr><tr><td>&nbsp; 5<\/td><td>25-janv-23<\/td><td>Comportements Aberrants<\/td><td>Jonathan Yen <em>&nbsp;<\/em><\/td><td>D\u00e9finir les comportements aberrants li\u00e9s \u00e0 la drogue et les troubles li\u00e9s \u00e0 l'usage des opio\u00efdes. D\u00e9crire au moins trois \u00e9l\u00e9ments du traitement. D\u00e9crire une approche pour g\u00e9rer les comportements aberrants li\u00e9s \u00e0 la drogue.<\/td><\/tr><tr><td>6<\/td><td>22-f\u00e9v-23<\/td><td>R\u00e9duction Progressive d'Opio\u00efdes<\/td><td>Irina Kudrina <em>Annul\u00e9<\/em><em><\/em><\/td><td>Discuter des avantages et risques de la r\u00e9duction progressive des opio\u00efdes. Adresser les obstacles courants \u00e0 la r\u00e9duction progressive de l'usage des opio\u00efdes. G\u00e9rer les sympt\u00f4mes de sevrage aux opio\u00efdes. Faciliter la diminution s\u00e9curitaire des opio\u00efdes chez les patients. Changer d'opio\u00efdes. Calculer la dose \u00e9quivalente de morphine (DEM) par jour pour les opio\u00efdes couramment prescrits au Canada.<\/td><\/tr><tr><td>7<\/td><td>22-mars-23<\/td><td>Maux de Dos et St\u00e9nose Vert\u00e9brale<\/td><td>Jordi Perez<\/td><td>Reconna\u00eetre les signaux d\u2019alarme jaunes et rouges en cas de lombalgie aigu\u00eb et chronique. Intervenir de mani\u00e8re appropri\u00e9e pour pr\u00e9venir l'\u00e9volution vers une lombalgie chronique. G\u00e9rer: lombalgie chronique non sp\u00e9cifique, st\u00e9nose rachidienne, syndromes radiculaires \u00e0 l'aide de traitements bas\u00e9s sur des lignes directrices.<\/td><\/tr><tr><td>8<\/td><td>26-avr-23<\/td><td>Maux de T\u00eate (migraines)<\/td><td>Jonathan Hudon<em><\/em><\/td><td>Diagnostiquer les migraines. Identifier 3 facteurs de risque de maux de t\u00eate chroniques. Se familiariser avec les lignes directrices sur les maux de t\u00eate<\/td><\/tr><tr><td>9<\/td><td>24-mai-23<\/td><td>Fibromyalgie<\/td><td>Mary-Ann Fitzcharles <em>&nbsp;<\/em><\/td><td>Conna\u00eetre les lignes directrices canadiennes sur la fibromyalgie (FM) de 2012 et les crit\u00e8res diagnostiques de la FM mis \u00e0 jour en 2019. D\u00e9crire la neuroplasticit\u00e9 inadapt\u00e9e de la FM. Confiant(e) et capable de promouvoir des strat\u00e9gies de prise en charge actives pour les patients atteints de FM.<\/td><\/tr><\/tbody><\/table><\/figure>\n\n\n\n<div style=\"height:100px\" aria-hidden=\"true\" class=\"wp-block-spacer\"><\/div>\n\n\n\n<h2 class=\"wp-block-heading\"><strong>En cours: ECHO Douleur chronique et Troubles li\u00e9s \u00e0 l\u2019Usage des Opio\u00efdes: Universit\u00e9 McGill<\/strong> Site Web<\/h2>\n\n\n\n<figure class=\"wp-block-image size-large\"><img loading=\"lazy\" decoding=\"async\" width=\"1024\" height=\"521\" src=\"https:\/\/echopaincanada.ca\/wp-content\/uploads\/2023\/05\/Screenshot-2023-05-10-224947-1024x521.png\" alt=\"\" class=\"wp-image-418\" srcset=\"https:\/\/echopaincanada.ca\/wp-content\/uploads\/2023\/05\/Screenshot-2023-05-10-224947-1024x521.png 1024w, https:\/\/echopaincanada.ca\/wp-content\/uploads\/2023\/05\/Screenshot-2023-05-10-224947-300x153.png 300w, https:\/\/echopaincanada.ca\/wp-content\/uploads\/2023\/05\/Screenshot-2023-05-10-224947-768x391.png 768w, https:\/\/echopaincanada.ca\/wp-content\/uploads\/2023\/05\/Screenshot-2023-05-10-224947-1536x781.png 1536w, https:\/\/echopaincanada.ca\/wp-content\/uploads\/2023\/05\/Screenshot-2023-05-10-224947-18x9.png 18w, https:\/\/echopaincanada.ca\/wp-content\/uploads\/2023\/05\/Screenshot-2023-05-10-224947.png 1817w\" sizes=\"auto, (max-width: 1024px) 100vw, 1024px\" \/><\/figure>\n\n\n\n<div class=\"wp-block-buttons is-layout-flex wp-block-buttons-is-layout-flex\">\n<div class=\"wp-block-button has-custom-width wp-block-button__width-100 is-style-outline is-style-outline--2\"><a class=\"wp-block-button__link wp-element-button\" href=\"https:\/\/echopaincanada.ca\/fr\/mcgill\/\">Visitez ECHO Douleur Chronique et Troubles li\u00e9s \u00e0 l\u2019Usage des Opio\u00efdes \u00e0 l\u2019Universit\u00e9 McGill (Montr\u00e9al, Qu\u00e9bec)<\/a><\/div>\n<\/div>\n\n\n\n<div style=\"height:100px\" aria-hidden=\"true\" class=\"wp-block-spacer\"><\/div>","protected":false},"excerpt":{"rendered":"<p>ECHO Chum Douleur Chronique Curriculum # Date Topic Learning Objectives Speaker(s) 1 26-Sept-22 Introduction to the ECHO Chronic Pain Program &nbsp; The different types of pain. Discover the ECHO Program and how it works: Presentation of the HUB and the participants. Identify and differentiate the 3 main types of pain and categories of treatment plans [&hellip;]<\/p>\n","protected":false},"author":1,"featured_media":0,"parent":0,"menu_order":0,"comment_status":"closed","ping_status":"closed","template":"","meta":{"_uag_custom_page_level_css":"","site-sidebar-layout":"default","site-content-layout":"default","ast-site-content-layout":"default","site-content-style":"default","site-sidebar-style":"default","ast-global-header-display":"","ast-banner-title-visibility":"","ast-main-header-display":"","ast-hfb-above-header-display":"","ast-hfb-below-header-display":"","ast-hfb-mobile-header-display":"","site-post-title":"disabled","ast-breadcrumbs-content":"","ast-featured-img":"","footer-sml-layout":"","ast-disable-related-posts":"","theme-transparent-header-meta":"default","adv-header-id-meta":"","stick-header-meta":"default","header-above-stick-meta":"","header-main-stick-meta":"","header-below-stick-meta":"","astra-migrate-meta-layouts":"default","ast-page-background-enabled":"default","ast-page-background-meta":{"desktop":{"background-color":"","background-image":"","background-repeat":"repeat","background-position":"center center","background-size":"auto","background-attachment":"scroll","background-type":"","background-media":"","overlay-type":"","overlay-color":"","overlay-opacity":"","overlay-gradient":""},"tablet":{"background-color":"","background-image":"","background-repeat":"repeat","background-position":"center center","background-size":"auto","background-attachment":"scroll","background-type":"","background-media":"","overlay-type":"","overlay-color":"","overlay-opacity":"","overlay-gradient":""},"mobile":{"background-color":"","background-image":"","background-repeat":"repeat","background-position":"center center","background-size":"auto","background-attachment":"scroll","background-type":"","background-media":"","overlay-type":"","overlay-color":"","overlay-opacity":"","overlay-gradient":""}},"ast-content-background-meta":{"desktop":{"background-color":"var(--ast-global-color-5)","background-image":"","background-repeat":"repeat","background-position":"center center","background-size":"auto","background-attachment":"scroll","background-type":"","background-media":"","overlay-type":"","overlay-color":"","overlay-opacity":"","overlay-gradient":""},"tablet":{"background-color":"var(--ast-global-color-5)","background-image":"","background-repeat":"repeat","background-position":"center center","background-size":"auto","background-attachment":"scroll","background-type":"","background-media":"","overlay-type":"","overlay-color":"","overlay-opacity":"","overlay-gradient":""},"mobile":{"background-color":"var(--ast-global-color-5)","background-image":"","background-repeat":"repeat","background-position":"center center","background-size":"auto","background-attachment":"scroll","background-type":"","background-media":"","overlay-type":"","overlay-color":"","overlay-opacity":"","overlay-gradient":""}},"footnotes":""},"class_list":["post-163","page","type-page","status-publish","hentry"],"uagb_featured_image_src":{"full":false,"thumbnail":false,"medium":false,"medium_large":false,"large":false,"1536x1536":false,"2048x2048":false,"trp-custom-language-flag":false},"uagb_author_info":{"display_name":"echo_pain_ca_admin","author_link":"https:\/\/echopaincanada.ca\/fr\/blog\/author\/echo_pain_ca_admin\/"},"uagb_comment_info":0,"uagb_excerpt":"ECHO Chum Douleur Chronique Curriculum # Date Topic Learning Objectives Speaker(s) 1 26-Sept-22 Introduction to the ECHO Chronic Pain Program &nbsp; The different types of pain. Discover the ECHO Program and how it works: Presentation of the HUB and the participants. Identify and differentiate the 3 main types of pain and categories of treatment plans&hellip;","_links":{"self":[{"href":"https:\/\/echopaincanada.ca\/fr\/wp-json\/wp\/v2\/pages\/163","targetHints":{"allow":["GET"]}}],"collection":[{"href":"https:\/\/echopaincanada.ca\/fr\/wp-json\/wp\/v2\/pages"}],"about":[{"href":"https:\/\/echopaincanada.ca\/fr\/wp-json\/wp\/v2\/types\/page"}],"author":[{"embeddable":true,"href":"https:\/\/echopaincanada.ca\/fr\/wp-json\/wp\/v2\/users\/1"}],"replies":[{"embeddable":true,"href":"https:\/\/echopaincanada.ca\/fr\/wp-json\/wp\/v2\/comments?post=163"}],"version-history":[{"count":11,"href":"https:\/\/echopaincanada.ca\/fr\/wp-json\/wp\/v2\/pages\/163\/revisions"}],"predecessor-version":[{"id":614,"href":"https:\/\/echopaincanada.ca\/fr\/wp-json\/wp\/v2\/pages\/163\/revisions\/614"}],"wp:attachment":[{"href":"https:\/\/echopaincanada.ca\/fr\/wp-json\/wp\/v2\/media?parent=163"}],"curies":[{"name":"wp","href":"https:\/\/api.w.org\/{rel}","templated":true}]}}